{"id":66246,"date":"2025-02-28T14:48:54","date_gmt":"2025-02-28T13:48:54","guid":{"rendered":"https:\/\/www.grindleyimmo.com\/?post_type=estate_property&#038;p=66246"},"modified":"2025-11-15T14:33:38","modified_gmt":"2025-11-15T13:33:38","slug":"nouvelle-residence-ora-vivez-au-coeur-de-las-terrenas","status":"publish","type":"estate_property","link":"https:\/\/www.grindleyimmo.com\/fr\/proprietes\/nouvelle-residence-ora-vivez-au-coeur-de-las-terrenas\/","title":{"rendered":"Nouvelle R\u00e9sidence ORA \u2013 Vivez au C\u0153ur de Las Terrenas !"},"content":{"rendered":"<p>D\u00e9couvrez ORA, un projet r\u00e9sidentiel exceptionnel qui allie confort moderne et localisation centrale. Situ\u00e9e <strong>\u00e0 seulement 5 minutes du futur centre commercial de Las Terrenas (avec un supermarch\u00e9 Jumbo) et de la magnifique plage de Bonita,<\/strong> cette r\u00e9sidence vous offre un cadre de vie privil\u00e9gi\u00e9 dans l\u2019une des destinations les plus pris\u00e9es de la r\u00e9gion.<\/p>\n<p>ORA se compose de 36 appartements modernes de 1 et 2 chambres, r\u00e9partis sur 3 \u00e9tages, chacun con\u00e7u avec soin pour r\u00e9pondre aux exigences de qualit\u00e9 et de confort. Les appartements du 3\u00e8me \u00e9tage b\u00e9n\u00e9ficient en exclusivit\u00e9 d\u2019un toit terrasse semi-couvert, \u00e9quip\u00e9 d&rsquo;une cuisine et d&rsquo;une salle de bain, offrant ainsi un espace priv\u00e9 et pratique pour vos moments de d\u00e9tente ou de convivialit\u00e9.<\/p>\n<p>\ud83c\udfd8Appartements <strong>1 chambre 1 salle de bain<\/strong> de 61m2 \u00e0 partir de <strong>129.080 USD<\/strong><br \/>\n\ud83c\udfd8Appartements <strong>1 chambre 1 salle de bain<\/strong> avec toit terrasse, de 116m2 \u00e0 partir de <strong>192.270 USD<\/strong><\/p>\n<p>\ud83c\udfd8Appartements <strong>2 chambres 2 salles de bain<\/strong> de 93m2 \u00e0 partir de<strong> 168.672 USD<\/strong><br \/>\n\ud83c\udfd8Appartements <strong>2 chambres 2 salles de bain<\/strong> avec toit terrasse, de 178m2 \u00e0 partir de<strong> 266.882 USD<\/strong><\/p>\n<p>Avec suppl\u00e9ment: possibilit\u00e9 de <strong>constuire une chambre suppl\u00e9mentaire sur le toit<\/strong> terrasse afin d&rsquo;avoir une unit\u00e9 extra avec cuisine et salle de bain, acc\u00e8s priv\u00e9 s\u00e9par\u00e9.<\/p>\n<p><strong>Caract\u00e9ristiques de la r\u00e9sidence :<\/strong><\/p>\n<ul>\n<li>\u2705<strong>Emplacement privil\u00e9gi\u00e9 :<\/strong> \u00c0 5 minutes du futur centre commercial et de la plage de Bonita<\/li>\n<li>\u2705<strong>Jacuzzi priv\u00e9 sur la terrasse pour tous les appartements<\/strong>, pour un confort et une d\u00e9tente optimale<\/li>\n<li>\u2705Piscine commune, aire sociale, aire de BBQ, aire de jeu pour enfants, et aire pour animaux de compagnie pour profiter pleinement de vos moments de loisir<\/li>\n<li>\u2705<strong>S\u00e9curit\u00e9 24\/24<\/strong> pour garantir la tranquillit\u00e9 et la s\u00e9r\u00e9nit\u00e9 de tous les r\u00e9sidents<\/li>\n<li>\u2705<strong>G\u00e9n\u00e9rateur \u00e9lectrique<\/strong> pour palier aux coupures de courant<\/li>\n<li>\u2705Panneaux solaires pour les communs<\/li>\n<\/ul>\n<p><strong>Confort suppl\u00e9mentaire :<\/strong><\/p>\n<ul>\n<li>\u2728<strong>Ligne blanche offerte :<\/strong> Air conditionn\u00e9 dans toutes les pi\u00e8ces, plaque de cuisson gaz, r\u00e9frig\u00e9rateur, extracteur de graisse, four-micro-ondes, laveuse-s\u00e9cheuse pour un confort optimal d\u00e8s votre arriv\u00e9e.<\/li>\n<li>\u2728<strong>1 place de parking<\/strong> priv\u00e9 par appartement<\/li>\n<\/ul>\n<p><strong>\ud83d\udcb0Facilit\u00e9s de paiement:<\/strong><\/p>\n<ul>\n<li>R\u00e9servez avec 2.000 USD<\/li>\n<li>20% \u00e0 la signature du contrat<\/li>\n<li>40% pendant la construction<\/li>\n<li>40% \u00e0 la livraison<\/li>\n<\/ul>\n<p>\ud83d\udcc5<strong>Livraison:<\/strong> mai 2027<\/p>\n<p>Ne manquez pas cette opportunit\u00e9 unique de vivre dans un cadre de vie alliant confort, modernit\u00e9 et praticit\u00e9.<\/p>\n<p>Pour plus d\u2019informations ou pour planifier une visite, contactez-nous d\u00e8s aujourd\u2019hui !<\/p>\n","protected":false},"excerpt":{"rendered":"<p>D\u00e9couvrez ORA, un projet r\u00e9sidentiel exceptionnel qui allie confort moderne et localisation centrale. Situ\u00e9e \u00e0 seulement 5 minutes du futur centre commercial de Las Terrenas (avec un supermarch\u00e9 Jumbo) et de la magnifique plage de Bonita, cette r\u00e9sidence vous offre un cadre de vie privil\u00e9gi\u00e9 dans l\u2019une des destinations les plus pris\u00e9es de la r\u00e9gion. ORA se compose de 36 appartements modernes de 1 &#8230;<\/p>\n","protected":false},"featured_media":66247,"template":"","property_category":[30],"property_action_category":[56,103],"property_city":[140],"property_area":[149],"property_county_state":[],"property_features":[],"property_status":[],"class_list":["post-66246","estate_property","type-estate_property","status-publish","has-post-thumbnail","hentry","property_category-appartement","property_action_category-promotions-immobilieres","property_action_category-ventes","property_city-las-terrenas","property_area-centre-las-terrenas"],"yoast_head":"<!-- This site is optimized with the Yoast SEO plugin v24.0 - https:\/\/yoast.com\/wordpress\/plugins\/seo\/ -->\n<title>Nouvelle R\u00e9sidence ORA \u2013 Vivez au C\u0153ur de Las Terrenas ! - Greenland Immo<\/title>\n<meta name=\"robots\" content=\"index, follow, max-snippet:-1, max-image-preview:large, max-video-preview:-1\" \/>\n<link rel=\"canonical\" href=\"https:\/\/www.grindleyimmo.com\/fr\/proprietes\/nouvelle-residence-ora-vivez-au-coeur-de-las-terrenas\/\" \/>\n<meta property=\"og:locale\" content=\"fr_FR\" \/>\n<meta property=\"og:type\" content=\"article\" \/>\n<meta property=\"og:title\" content=\"Nouvelle R\u00e9sidence ORA \u2013 Vivez au C\u0153ur de Las Terrenas ! - Greenland Immo\" \/>\n<meta property=\"og:description\" content=\"D\u00e9couvrez ORA, un projet r\u00e9sidentiel exceptionnel qui allie confort moderne et localisation centrale. Situ\u00e9e \u00e0 seulement 5 minutes du futur centre commercial de Las Terrenas (avec un supermarch\u00e9 Jumbo) et de la magnifique plage de Bonita, cette r\u00e9sidence vous offre un cadre de vie privil\u00e9gi\u00e9 dans l\u2019une des destinations les plus pris\u00e9es de la r\u00e9gion. ORA se compose de 36 appartements modernes de 1 ...\" \/>\n<meta property=\"og:url\" content=\"https:\/\/www.grindleyimmo.com\/fr\/proprietes\/nouvelle-residence-ora-vivez-au-coeur-de-las-terrenas\/\" \/>\n<meta property=\"og:site_name\" content=\"Greenland Immo\" \/>\n<meta property=\"article:modified_time\" content=\"2025-11-15T13:33:38+00:00\" \/>\n<meta property=\"og:image\" content=\"https:\/\/www.grindleyimmo.com\/wp-content\/uploads\/2025\/02\/Vista_22-Photo.jpg\" \/>\n\t<meta property=\"og:image:width\" content=\"1920\" \/>\n\t<meta property=\"og:image:height\" content=\"1080\" \/>\n\t<meta property=\"og:image:type\" content=\"image\/jpeg\" \/>\n<meta name=\"twitter:label1\" content=\"Dur\u00e9e de lecture estim\u00e9e\" \/>\n\t<meta name=\"twitter:data1\" content=\"2 minutes\" \/>\n<script type=\"application\/ld+json\" class=\"yoast-schema-graph\">{\"@context\":\"https:\/\/schema.org\",\"@graph\":[{\"@type\":\"WebPage\",\"@id\":\"https:\/\/www.grindleyimmo.com\/fr\/proprietes\/nouvelle-residence-ora-vivez-au-coeur-de-las-terrenas\/\",\"url\":\"https:\/\/www.grindleyimmo.com\/fr\/proprietes\/nouvelle-residence-ora-vivez-au-coeur-de-las-terrenas\/\",\"name\":\"Nouvelle R\u00e9sidence ORA \u2013 Vivez au C\u0153ur de Las Terrenas ! - Greenland Immo\",\"isPartOf\":{\"@id\":\"https:\/\/www.grindleyimmo.com\/fr\/#website\"},\"primaryImageOfPage\":{\"@id\":\"https:\/\/www.grindleyimmo.com\/fr\/proprietes\/nouvelle-residence-ora-vivez-au-coeur-de-las-terrenas\/#primaryimage\"},\"image\":{\"@id\":\"https:\/\/www.grindleyimmo.com\/fr\/proprietes\/nouvelle-residence-ora-vivez-au-coeur-de-las-terrenas\/#primaryimage\"},\"thumbnailUrl\":\"https:\/\/www.grindleyimmo.com\/wp-content\/uploads\/2025\/02\/Vista_22-Photo.jpg\",\"datePublished\":\"2025-02-28T13:48:54+00:00\",\"dateModified\":\"2025-11-15T13:33:38+00:00\",\"breadcrumb\":{\"@id\":\"https:\/\/www.grindleyimmo.com\/fr\/proprietes\/nouvelle-residence-ora-vivez-au-coeur-de-las-terrenas\/#breadcrumb\"},\"inLanguage\":\"fr-FR\",\"potentialAction\":[{\"@type\":\"ReadAction\",\"target\":[\"https:\/\/www.grindleyimmo.com\/fr\/proprietes\/nouvelle-residence-ora-vivez-au-coeur-de-las-terrenas\/\"]}]},{\"@type\":\"ImageObject\",\"inLanguage\":\"fr-FR\",\"@id\":\"https:\/\/www.grindleyimmo.com\/fr\/proprietes\/nouvelle-residence-ora-vivez-au-coeur-de-las-terrenas\/#primaryimage\",\"url\":\"https:\/\/www.grindleyimmo.com\/wp-content\/uploads\/2025\/02\/Vista_22-Photo.jpg\",\"contentUrl\":\"https:\/\/www.grindleyimmo.com\/wp-content\/uploads\/2025\/02\/Vista_22-Photo.jpg\",\"width\":1920,\"height\":1080},{\"@type\":\"BreadcrumbList\",\"@id\":\"https:\/\/www.grindleyimmo.com\/fr\/proprietes\/nouvelle-residence-ora-vivez-au-coeur-de-las-terrenas\/#breadcrumb\",\"itemListElement\":[{\"@type\":\"ListItem\",\"position\":1,\"name\":\"Propri\u00e9t\u00e9s\",\"item\":\"https:\/\/www.grindleyimmo.com\/properties\/\"},{\"@type\":\"ListItem\",\"position\":2,\"name\":\"Nouvelle R\u00e9sidence ORA \u2013 Vivez au C\u0153ur de Las Terrenas !\"}]},{\"@type\":\"WebSite\",\"@id\":\"https:\/\/www.grindleyimmo.com\/fr\/#website\",\"url\":\"https:\/\/www.grindleyimmo.com\/fr\/\",\"name\":\"Greenland Immo\",\"description\":\"Agence immobili\u00e8re \",\"potentialAction\":[{\"@type\":\"SearchAction\",\"target\":{\"@type\":\"EntryPoint\",\"urlTemplate\":\"https:\/\/www.grindleyimmo.com\/fr\/?s={search_term_string}\"},\"query-input\":{\"@type\":\"PropertyValueSpecification\",\"valueRequired\":true,\"valueName\":\"search_term_string\"}}],\"inLanguage\":\"fr-FR\"}]}<\/script>\n<!-- \/ Yoast SEO plugin. -->","yoast_head_json":{"title":"Nouvelle R\u00e9sidence ORA \u2013 Vivez au C\u0153ur de Las Terrenas ! - Greenland Immo","robots":{"index":"index","follow":"follow","max-snippet":"max-snippet:-1","max-image-preview":"max-image-preview:large","max-video-preview":"max-video-preview:-1"},"canonical":"https:\/\/www.grindleyimmo.com\/fr\/proprietes\/nouvelle-residence-ora-vivez-au-coeur-de-las-terrenas\/","og_locale":"fr_FR","og_type":"article","og_title":"Nouvelle R\u00e9sidence ORA \u2013 Vivez au C\u0153ur de Las Terrenas ! - Greenland Immo","og_description":"D\u00e9couvrez ORA, un projet r\u00e9sidentiel exceptionnel qui allie confort moderne et localisation centrale. Situ\u00e9e \u00e0 seulement 5 minutes du futur centre commercial de Las Terrenas (avec un supermarch\u00e9 Jumbo) et de la magnifique plage de Bonita, cette r\u00e9sidence vous offre un cadre de vie privil\u00e9gi\u00e9 dans l\u2019une des destinations les plus pris\u00e9es de la r\u00e9gion. ORA se compose de 36 appartements modernes de 1 ...","og_url":"https:\/\/www.grindleyimmo.com\/fr\/proprietes\/nouvelle-residence-ora-vivez-au-coeur-de-las-terrenas\/","og_site_name":"Greenland Immo","article_modified_time":"2025-11-15T13:33:38+00:00","og_image":[{"width":1920,"height":1080,"url":"https:\/\/www.grindleyimmo.com\/wp-content\/uploads\/2025\/02\/Vista_22-Photo.jpg","type":"image\/jpeg"}],"twitter_misc":{"Dur\u00e9e de lecture estim\u00e9e":"2 minutes"},"schema":{"@context":"https:\/\/schema.org","@graph":[{"@type":"WebPage","@id":"https:\/\/www.grindleyimmo.com\/fr\/proprietes\/nouvelle-residence-ora-vivez-au-coeur-de-las-terrenas\/","url":"https:\/\/www.grindleyimmo.com\/fr\/proprietes\/nouvelle-residence-ora-vivez-au-coeur-de-las-terrenas\/","name":"Nouvelle R\u00e9sidence ORA \u2013 Vivez au C\u0153ur de Las Terrenas ! - Greenland Immo","isPartOf":{"@id":"https:\/\/www.grindleyimmo.com\/fr\/#website"},"primaryImageOfPage":{"@id":"https:\/\/www.grindleyimmo.com\/fr\/proprietes\/nouvelle-residence-ora-vivez-au-coeur-de-las-terrenas\/#primaryimage"},"image":{"@id":"https:\/\/www.grindleyimmo.com\/fr\/proprietes\/nouvelle-residence-ora-vivez-au-coeur-de-las-terrenas\/#primaryimage"},"thumbnailUrl":"https:\/\/www.grindleyimmo.com\/wp-content\/uploads\/2025\/02\/Vista_22-Photo.jpg","datePublished":"2025-02-28T13:48:54+00:00","dateModified":"2025-11-15T13:33:38+00:00","breadcrumb":{"@id":"https:\/\/www.grindleyimmo.com\/fr\/proprietes\/nouvelle-residence-ora-vivez-au-coeur-de-las-terrenas\/#breadcrumb"},"inLanguage":"fr-FR","potentialAction":[{"@type":"ReadAction","target":["https:\/\/www.grindleyimmo.com\/fr\/proprietes\/nouvelle-residence-ora-vivez-au-coeur-de-las-terrenas\/"]}]},{"@type":"ImageObject","inLanguage":"fr-FR","@id":"https:\/\/www.grindleyimmo.com\/fr\/proprietes\/nouvelle-residence-ora-vivez-au-coeur-de-las-terrenas\/#primaryimage","url":"https:\/\/www.grindleyimmo.com\/wp-content\/uploads\/2025\/02\/Vista_22-Photo.jpg","contentUrl":"https:\/\/www.grindleyimmo.com\/wp-content\/uploads\/2025\/02\/Vista_22-Photo.jpg","width":1920,"height":1080},{"@type":"BreadcrumbList","@id":"https:\/\/www.grindleyimmo.com\/fr\/proprietes\/nouvelle-residence-ora-vivez-au-coeur-de-las-terrenas\/#breadcrumb","itemListElement":[{"@type":"ListItem","position":1,"name":"Propri\u00e9t\u00e9s","item":"https:\/\/www.grindleyimmo.com\/properties\/"},{"@type":"ListItem","position":2,"name":"Nouvelle R\u00e9sidence ORA \u2013 Vivez au C\u0153ur de Las Terrenas !"}]},{"@type":"WebSite","@id":"https:\/\/www.grindleyimmo.com\/fr\/#website","url":"https:\/\/www.grindleyimmo.com\/fr\/","name":"Greenland Immo","description":"Agence immobili\u00e8re ","potentialAction":[{"@type":"SearchAction","target":{"@type":"EntryPoint","urlTemplate":"https:\/\/www.grindleyimmo.com\/fr\/?s={search_term_string}"},"query-input":{"@type":"PropertyValueSpecification","valueRequired":true,"valueName":"search_term_string"}}],"inLanguage":"fr-FR"}]}},"_links":{"self":[{"href":"https:\/\/www.grindleyimmo.com\/fr\/wp-json\/wp\/v2\/estate_property\/66246","targetHints":{"allow":["GET"]}}],"collection":[{"href":"https:\/\/www.grindleyimmo.com\/fr\/wp-json\/wp\/v2\/estate_property"}],"about":[{"href":"https:\/\/www.grindleyimmo.com\/fr\/wp-json\/wp\/v2\/types\/estate_property"}],"wp:featuredmedia":[{"embeddable":true,"href":"https:\/\/www.grindleyimmo.com\/fr\/wp-json\/wp\/v2\/media\/66247"}],"wp:attachment":[{"href":"https:\/\/www.grindleyimmo.com\/fr\/wp-json\/wp\/v2\/media?parent=66246"}],"wp:term":[{"taxonomy":"property_category","embeddable":true,"href":"https:\/\/www.grindleyimmo.com\/fr\/wp-json\/wp\/v2\/property_category?post=66246"},{"taxonomy":"property_action_category","embeddable":true,"href":"https:\/\/www.grindleyimmo.com\/fr\/wp-json\/wp\/v2\/property_action_category?post=66246"},{"taxonomy":"property_city","embeddable":true,"href":"https:\/\/www.grindleyimmo.com\/fr\/wp-json\/wp\/v2\/property_city?post=66246"},{"taxonomy":"property_area","embeddable":true,"href":"https:\/\/www.grindleyimmo.com\/fr\/wp-json\/wp\/v2\/property_area?post=66246"},{"taxonomy":"property_county_state","embeddable":true,"href":"https:\/\/www.grindleyimmo.com\/fr\/wp-json\/wp\/v2\/property_county_state?post=66246"},{"taxonomy":"property_features","embeddable":true,"href":"https:\/\/www.grindleyimmo.com\/fr\/wp-json\/wp\/v2\/property_features?post=66246"},{"taxonomy":"property_status","embeddable":true,"href":"https:\/\/www.grindleyimmo.com\/fr\/wp-json\/wp\/v2\/property_status?post=66246"}],"curies":[{"name":"wp","href":"https:\/\/api.w.org\/{rel}","templated":true}]}}